{"id":2083,"date":"2019-10-15T11:52:06","date_gmt":"2019-10-15T09:52:06","guid":{"rendered":"http:\/\/berghotel-presslauer.at.w019c2cd.kasserver.com\/?page_id=2083"},"modified":"2024-10-23T06:45:26","modified_gmt":"2024-10-23T04:45:26","slug":"privacy-policy","status":"publish","type":"page","link":"https:\/\/www.berghotel-presslauer.at\/it\/privacy-policy\/","title":{"rendered":"Privacy Policy"},"content":{"rendered":"\n<div class=\"wp-block-getwid-section alignwide alignwide\"><div class=\"wp-block-getwid-section__wrapper\"><div class=\"wp-block-getwid-section__inner-wrapper\"><div class=\"wp-block-getwid-section__background-holder\"><div class=\"wp-block-getwid-section__background\"><\/div><div class=\"wp-block-getwid-section__foreground\"><\/div><\/div><div class=\"wp-block-getwid-section__content\"><div class=\"wp-block-getwid-section__inner-content\">\n<p>\n\t<strong>Erkl\u00e4rung zur Informationspflicht<\/strong><br>\n\tDer Schutz Ihrer pers\u00f6nlichen Daten ist uns ein besonderes Anliegen. \nWir verarbeiten Ihre Daten daher ausschlie\u00dflich auf Grundlage der \ngesetzlichen Bestimmungen (DSGVO, TKG 2003). In diesen \nDatenschutzinformationen informieren wir Sie \u00fcber die wichtigsten \nAspekte der Datenverarbeitung im Rahmen unserer Website.<\/p>\n\n\n\n<p>\n\t<strong>Kontakt mit uns<\/strong><br>\n\tMit dem Absenden unseres Kontaktformulars sowie die Anfragen zu den \nPauschalen, erkl\u00e4ren Sie sich einverstanden, dass wir Ihre Angaben f\u00fcr \ndie Beantwortung Ihrer Anfrage bzw. Kontaktaufnahme verwenden. Eine \nWeitergabe an Dritte findet nicht statt sofern dies nicht auf Grund \ngeltender Datenschutzvorschriften notwendig ist oder wir dazu gesetzlich\n verpflichtet sind. Sie k\u00f6nnen diese erteilte Einwilligung jederzeit \nwiderrufen. Im Falle des Widerrufs werden Ihre personenbezogenen Daten \numgehend gel\u00f6scht oder ihren W\u00fcnschen entsprechend angepasst. Weitere \nInformationen zum Datenschutz. Wenn Sie per Formular auf der Website \noder per E-Mail-Kontakt mit uns aufnehmen, werden Ihre angegebenen Daten\n zwecks Bearbeitung der Anfrage und f\u00fcr den Fall von Anschlussfragen \nsechs Monate bei uns gespeichert.<\/p>\n\n\n\n<p>\n\t<strong>Cookies<\/strong><br>\n\tUnsere Website verwendet so genannte Cookies. Dabei handelt es sich um \nkleine Textdateien, die mit Hilfe des Browsers auf Ihrem Endger\u00e4t \nabgelegt werden. Sie richten keinen Schaden an. Wir nutzen Cookies dazu,\n unser Angebot nutzerfreundlich zu gestalten. Einige Cookies bleiben auf\n Ihrem Endger\u00e4t gespeichert, bis Sie diese l\u00f6schen. Sie erm\u00f6glichen es \nuns, Ihren Browser beim n\u00e4chsten Besuch wiederzuerkennen. Wenn Sie dies \nnicht w\u00fcnschen, so k\u00f6nnen Sie Ihren Browser so einrichten, dass er Sie \n\u00fcber das Setzen von Cookies informiert und Sie dies nur im Einzelfall \nerlauben. Bei der Deaktivierung von Cookies kann die Funktionalit\u00e4t \nunserer Website eingeschr\u00e4nkt sein.<\/p>\n\n\n\n<p>\n\t<strong>Datenverwendung<\/strong><br>\n\tDie von Ihnen angegebenen personenbezogenen Daten (etwa Name, Anschrift und E-Mail-Adresse) werden von uns wie folgt verwendet:<\/p>\n\n\n\n<ul class=\"wp-block-list\"><li>\n\t\tF\u00fcr die Buchung einer Unterkunft ist die Angabe Ihrer Kontaktdaten \nerforderlich. Sie haben dabei nur die markierten Felder (Name, Anschrift\n und&nbsp;E-Mail-Adresse, sowie Name und Geburtsdatum der Reiseteilnehmer) \nanzugeben, sowie Daten betreffend die Anfrage (z.B. \nAufenthaltszeitraum). Dar\u00fcber hinaus gehende Angaben (etwa Telefon- oder\n Telefaxnummer) sind nicht zwingend erforderlich.<\/li><\/ul>\n\n\n\n<p>\n\tDie von Ihnen bekanntgegebenen personenbezogenen Daten werden vom \nBetreiber nur insoweit verarbeitet und genutzt, als sie f\u00fcr die \nBearbeitung der Anfrage und\/oder die Erbringung der angeforderten \nLeistung erforderlich sind. Im Zuge dieser Datenverarbeitung leitet der \nBetreiber die erhobenen personenbezogenen Daten an folgende Dritte \nweiter:<\/p>\n\n\n\n<ul class=\"wp-block-list\"><li>\n\t\t<strong>Feratel Media Technologies AG<\/strong>, Maria-Theresia-Stra\u00dfe 8, 6020 Innsbruck, Tel.: +43 512 7280-0, E-Mail: <strong><a href=\"mailto:info@feratel.at\">info@feratel.at<\/a><\/strong>, Datenschutzrichtlinien <strong><a href=\"http:\/\/www.feratel.at\/rechtliche-hinweise\">Feratel Media Technologies AG<\/a> <\/strong><br>\n\t\t&nbsp;<\/li><li>\n\t\t<strong>HolidayCheck Online Reiseb\u00fcro, <\/strong>Bahnweg 8, CH-8598 Bottighofen, Tel.: 0800 240 4455, E-Mail: <strong><a href=\"mailto:buchung@holidaycheck.at\">buchung@holidaycheck.at<\/a><\/strong>; <strong><a href=\"http:\/\/www.holidaycheck.at\/datenschutz\">Datenschutzrichtlinien Holiday Check<\/a><\/strong><\/li><\/ul>\n\n\n\n<p>\n\t<strong>Web-Analyse<\/strong><br>\n\tUnsere Website verwendet Funktionen des Webanalysedienstes Google<em>.&nbsp;<\/em>Dazu\n werden Cookies verwendet, die eine Analyse der Benutzung der Website \ndurch Ihre Benutzer erm\u00f6glicht. Die dadurch erzeugten Informationen \nwerden auf den Server des Anbieters \u00fcbertragen und dort gespeichert. Sie\n k\u00f6nnen dies verhindern, indem Sie Ihren Browser so einrichten, dass \nkeine Cookies gespeichert werden. Wir haben mit dem Anbieter einen \nentsprechenden Vertrag zur Auftragsdatenverarbeitung abgeschlossen. Ihre\n IP-Adresse wird erfasst, aber umgehend [zB durch L\u00f6schung der letzten 8\n Bit] pseudonymisiert. Dadurch ist nur mehr eine grobe Lokalisierung \nm\u00f6glich. Die Datenverarbeitung erfolgt auf Basis der gesetzlichen \nBestimmungen des \u00a7 96 Abs 3 TKG sowie des Art 6 Abs 1 lit a \n(Einwilligung) und\/oder f (berechtigtes Interesse) der DSGVO. Unser \nAnliegen im Sinne der DSGVO (berechtigtes Interesse) ist die \nVerbesserung unseres Angebotes und unseres Webauftritts. Da uns die \nPrivatsph\u00e4re unserer Nutzer wichtig ist, werden die Nutzerdaten \npseudonymisiert. Die Nutzerdaten werden f\u00fcr die Dauer von 18 Monaten \naufbewahrt. N\u00e4here Informationen zu Nutzungsbedingungen und Datenschutz \nfinden Sie unter den&nbsp;<strong><a href=\"https:\/\/www.google.com\/analytics\/terms\/de.html\">Google Analytics Bedingungen<\/a><\/strong>&nbsp;bzw. unter der&nbsp;<strong><a href=\"https:\/\/www.google.com\/intl\/de\/policies\/privacy\/index.html\">Google Analytics \u00dcbersicht<\/a><\/strong>.<\/p>\n\n\n\n<p>\n\tSie k\u00f6nnen dar\u00fcber hinaus die Erfassung der durch das Cookie erzeugten \nund auf Ihre Nutzung der Website bezogenen Daten (inkl. Ihrer \nIP-Adresse) an Google sowie die Verarbeitung dieser Daten durch Google \nverhindern, indem Sie das unter dem folgenden Link verf\u00fcgbare \nBrowser-Plugin herunterladen und installieren:&nbsp;<strong><a href=\"https:\/\/goo.gl\/RVT5JT\">https:\/\/goo.gl\/RVT5JT<\/a><\/strong><\/p>\n\n\n\n<p>\n\t<strong>Social-Plugins<\/strong><br>\n\tZweck:&nbsp;Diese Webseite enth\u00e4lt ggf. Plug-Ins der&nbsp;sozialen Netzwerke&nbsp;<strong>Facebook<\/strong>,&nbsp;<strong>Twitter<\/strong>,<strong> Youtube<\/strong>&nbsp;und&nbsp;<strong>Instagram<\/strong>&nbsp;die\n von der Facebook Inc., 1601 S. California Ave, Palo Alto, CA 94304, USA\n (\u201eFacebook\u201c), der Twitter Inc.: 539 Bryant St. Suite 402, San \nFrancisco, CA 94107, USA (\u201eTwitter\u201c), der YouTube, LLC. 901 Cherry Ave. \nSan Bruno, CA 94066. USA&nbsp; (\u201eYouTube\u201c) und Instagram, 181 South Park; San\n Francisco, California 51107 USA (\u201eInstagram\u201c) betrieben werden und \u00fcber\n die mit Hilfe eines Buttons Nachrichten an das entsprechende Soziale \nNetzwerk \u00fcbermittelt werden k\u00f6nnen. Sind Sie bei einem dieser Netzwerke \neingeloggt und rufen dann eine Seite mit einer solchen Funktion auf, \nbaut Ihr Browser eine Verbindung mit diesem Sozialen Netzwerk auf und \ndas Soziale Netzwerk kann den Besuch der Seite Ihrem Konto bei dem \nentsprechenden Sozialen Netzwerk zuordnen. Wenn Sie dies nicht m\u00f6chten, \nbesuchen Sie unsere Webseiten, ohne bei einem dieser Sozialen Netzwerke \neingeloggt zu sein. Weitere Informationen und Widerspruchsm\u00f6glichkeiten:<\/p>\n\n\n\n<ul class=\"wp-block-list\"><li>\n\t\tDatenschutzinformationen von&nbsp;<strong><a href=\"https:\/\/www.facebook.com\/policy.php\">Facebook<\/a><\/strong><\/li><li>\n\t\tDatenschutzinformationen von&nbsp;<strong><a href=\"https:\/\/www.facebook.com\/policy.php\">Twitter<\/a><\/strong><\/li><li>\n\t\tDatenschutzinformationen von&nbsp;<strong><a href=\"https:\/\/www.google.de\/intl\/de\/policies\/privacy\/\">Youtube<\/a><\/strong><\/li><li>\n\t\tDatenschutzinformationen von&nbsp;<strong><a href=\"https:\/\/help.instagram.com\/155833707900388\">Instagram<\/a><\/strong><\/li><\/ul>\n\n\n\n<p>\n\t<strong>Ihre Rechte<\/strong><br>\n\tIhnen stehen grunds\u00e4tzlich die Rechte auf Auskunft, Berichtigung, \nL\u00f6schung, Einschr\u00e4nkung, Daten\u00fcbertragbarkeit, Widerruf und Widerspruch \nzu. Wenn Sie glauben, dass die Verarbeitung Ihrer Daten gegen das \nDatenschutzrecht verst\u00f6\u00dft oder Ihre datenschutzrechtlichen Anspr\u00fcche \nsonst in einer Weise verletzt worden sind, k\u00f6nnen Sie sich bei der \nAufsichtsbeh\u00f6rde beschweren. In \u00d6sterreich ist dies die \nDatenschutzbeh\u00f6rde.<\/p>\n\n\n\n<p>\n\t<strong>Sie erreichen uns unter folgenden Kontaktdaten<\/strong>:<br>\n\t<em>Berghotel Presslauer GmbH, Kreuth 18, 9631 Kreuth ob Rattendorf, Tel.: +43 4285 209, E-Mail: <\/em><a href=\"mailto:mail@www.berghotel-presslauer.at\"><em>mail@www.berghotel-presslauer.at<\/em><\/a>&nbsp; &nbsp;&nbsp;<\/p>\n<\/div><\/div><\/div><\/div><\/div>\n","protected":false},"excerpt":{"rendered":"","protected":false},"author":1,"featured_media":1041,"parent":0,"menu_order":9,"comment_status":"closed","ping_status":"closed","template":"","meta":{"inline_featured_image":false,"footnotes":""},"class_list":["post-2083","page","type-page","status-publish","has-post-thumbnail","hentry"],"yoast_head":"<title>Trattamento &amp; tutela dei dati personali | Berghotel Presslauer<\/title>\n<meta name=\"description\" content=\"Ci teniamo alla protezione della tua privacy! Scopri di pi\u00f9 su come il nostro sito tratta i tuoi dati personali.\" \/>\n<meta name=\"robots\" content=\"index, follow, max-snippet:-1, max-image-preview:large, max-video-preview:-1\" \/>\n<link rel=\"canonical\" href=\"https:\/\/www.berghotel-presslauer.at\/it\/privacy-policy\/\" \/>\n<meta property=\"og:locale\" content=\"it_IT\" \/>\n<meta property=\"og:type\" content=\"article\" \/>\n<meta property=\"og:title\" content=\"Trattamento &amp; tutela dei dati personali | Berghotel Presslauer\" \/>\n<meta property=\"og:description\" content=\"Ci teniamo alla protezione della tua privacy! Scopri di pi\u00f9 su come il nostro sito tratta i tuoi dati personali.\" \/>\n<meta property=\"og:url\" content=\"https:\/\/www.berghotel-presslauer.at\/it\/privacy-policy\/\" \/>\n<meta property=\"og:site_name\" content=\"Berghotel Presslauer\" \/>\n<meta property=\"article:modified_time\" content=\"2024-10-23T04:45:26+00:00\" \/>\n<meta property=\"og:image\" content=\"https:\/\/www.berghotel-presslauer.at\/wp-content\/uploads\/2019\/09\/Teich-mit-Hotel.jpg\" \/>\n\t<meta property=\"og:image:width\" content=\"2301\" \/>\n\t<meta property=\"og:image:height\" content=\"1536\" \/>\n\t<meta property=\"og:image:type\" content=\"image\/jpeg\" \/>\n<meta name=\"twitter:card\" content=\"summary_large_image\" \/>\n<meta name=\"twitter:label1\" content=\"Tempo di lettura stimato\" \/>\n\t<meta name=\"twitter:data1\" content=\"4 minuti\" \/>\n<script type=\"application\/ld+json\" class=\"yoast-schema-graph\">{\"@context\":\"https:\/\/schema.org\",\"@graph\":[{\"@type\":\"WebPage\",\"@id\":\"https:\/\/www.berghotel-presslauer.at\/it\/privacy-policy\/\",\"url\":\"https:\/\/www.berghotel-presslauer.at\/it\/privacy-policy\/\",\"name\":\"Trattamento & tutela dei dati personali | Berghotel Presslauer\",\"isPartOf\":{\"@id\":\"https:\/\/www.berghotel-presslauer.at\/it\/#website\"},\"primaryImageOfPage\":{\"@id\":\"https:\/\/www.berghotel-presslauer.at\/it\/privacy-policy\/#primaryimage\"},\"image\":{\"@id\":\"https:\/\/www.berghotel-presslauer.at\/it\/privacy-policy\/#primaryimage\"},\"thumbnailUrl\":\"https:\/\/www.berghotel-presslauer.at\/wp-content\/uploads\/2019\/09\/Teich-mit-Hotel.jpg\",\"datePublished\":\"2019-10-15T09:52:06+00:00\",\"dateModified\":\"2024-10-23T04:45:26+00:00\",\"description\":\"Ci teniamo alla protezione della tua privacy! Scopri di pi\u00f9 su come il nostro sito tratta i tuoi dati personali.\",\"breadcrumb\":{\"@id\":\"https:\/\/www.berghotel-presslauer.at\/it\/privacy-policy\/#breadcrumb\"},\"inLanguage\":\"it-IT\",\"potentialAction\":[{\"@type\":\"ReadAction\",\"target\":[\"https:\/\/www.berghotel-presslauer.at\/it\/privacy-policy\/\"]}]},{\"@type\":\"ImageObject\",\"inLanguage\":\"it-IT\",\"@id\":\"https:\/\/www.berghotel-presslauer.at\/it\/privacy-policy\/#primaryimage\",\"url\":\"https:\/\/www.berghotel-presslauer.at\/wp-content\/uploads\/2019\/09\/Teich-mit-Hotel.jpg\",\"contentUrl\":\"https:\/\/www.berghotel-presslauer.at\/wp-content\/uploads\/2019\/09\/Teich-mit-Hotel.jpg\",\"width\":2301,\"height\":1536},{\"@type\":\"BreadcrumbList\",\"@id\":\"https:\/\/www.berghotel-presslauer.at\/it\/privacy-policy\/#breadcrumb\",\"itemListElement\":[{\"@type\":\"ListItem\",\"position\":1,\"name\":\"Startseite\",\"item\":\"https:\/\/www.berghotel-presslauer.at\/it\/\"},{\"@type\":\"ListItem\",\"position\":2,\"name\":\"Privacy Policy\"}]},{\"@type\":\"WebSite\",\"@id\":\"https:\/\/www.berghotel-presslauer.at\/it\/#website\",\"url\":\"https:\/\/www.berghotel-presslauer.at\/it\/\",\"name\":\"Berghotel Presslauer\",\"description\":\"Hotel | Zimmer | Ferienwohnungen | Nassfeld in K\u00e4rnten\",\"publisher\":{\"@id\":\"https:\/\/www.berghotel-presslauer.at\/it\/#organization\"},\"potentialAction\":[{\"@type\":\"SearchAction\",\"target\":{\"@type\":\"EntryPoint\",\"urlTemplate\":\"https:\/\/www.berghotel-presslauer.at\/it\/?s={search_term_string}\"},\"query-input\":{\"@type\":\"PropertyValueSpecification\",\"valueRequired\":true,\"valueName\":\"search_term_string\"}}],\"inLanguage\":\"it-IT\"},{\"@type\":\"Organization\",\"@id\":\"https:\/\/www.berghotel-presslauer.at\/it\/#organization\",\"name\":\"Berghotel Presslauer\",\"url\":\"https:\/\/www.berghotel-presslauer.at\/it\/\",\"logo\":{\"@type\":\"ImageObject\",\"inLanguage\":\"it-IT\",\"@id\":\"https:\/\/www.berghotel-presslauer.at\/it\/#\/schema\/logo\/image\/\",\"url\":\"https:\/\/www.berghotel-presslauer.at\/wp-content\/uploads\/2022\/10\/cropped-Logo_neu_Berghotel-Presslauer_Startseite.png\",\"contentUrl\":\"https:\/\/www.berghotel-presslauer.at\/wp-content\/uploads\/2022\/10\/cropped-Logo_neu_Berghotel-Presslauer_Startseite.png\",\"width\":245,\"height\":124,\"caption\":\"Berghotel Presslauer\"},\"image\":{\"@id\":\"https:\/\/www.berghotel-presslauer.at\/it\/#\/schema\/logo\/image\/\"}}]}<\/script>","yoast_head_json":{"title":"Trattamento & tutela dei dati personali | Berghotel Presslauer","description":"Ci teniamo alla protezione della tua privacy! Scopri di pi\u00f9 su come il nostro sito tratta i tuoi dati personali.","robots":{"index":"index","follow":"follow","max-snippet":"max-snippet:-1","max-image-preview":"max-image-preview:large","max-video-preview":"max-video-preview:-1"},"canonical":"https:\/\/www.berghotel-presslauer.at\/it\/privacy-policy\/","og_locale":"it_IT","og_type":"article","og_title":"Trattamento & tutela dei dati personali | Berghotel Presslauer","og_description":"Ci teniamo alla protezione della tua privacy! Scopri di pi\u00f9 su come il nostro sito tratta i tuoi dati personali.","og_url":"https:\/\/www.berghotel-presslauer.at\/it\/privacy-policy\/","og_site_name":"Berghotel Presslauer","article_modified_time":"2024-10-23T04:45:26+00:00","og_image":[{"width":2301,"height":1536,"url":"https:\/\/www.berghotel-presslauer.at\/wp-content\/uploads\/2019\/09\/Teich-mit-Hotel.jpg","type":"image\/jpeg"}],"twitter_card":"summary_large_image","twitter_misc":{"Tempo di lettura stimato":"4 minuti"},"schema":{"@context":"https:\/\/schema.org","@graph":[{"@type":"WebPage","@id":"https:\/\/www.berghotel-presslauer.at\/it\/privacy-policy\/","url":"https:\/\/www.berghotel-presslauer.at\/it\/privacy-policy\/","name":"Trattamento & tutela dei dati personali | Berghotel Presslauer","isPartOf":{"@id":"https:\/\/www.berghotel-presslauer.at\/it\/#website"},"primaryImageOfPage":{"@id":"https:\/\/www.berghotel-presslauer.at\/it\/privacy-policy\/#primaryimage"},"image":{"@id":"https:\/\/www.berghotel-presslauer.at\/it\/privacy-policy\/#primaryimage"},"thumbnailUrl":"https:\/\/www.berghotel-presslauer.at\/wp-content\/uploads\/2019\/09\/Teich-mit-Hotel.jpg","datePublished":"2019-10-15T09:52:06+00:00","dateModified":"2024-10-23T04:45:26+00:00","description":"Ci teniamo alla protezione della tua privacy! Scopri di pi\u00f9 su come il nostro sito tratta i tuoi dati personali.","breadcrumb":{"@id":"https:\/\/www.berghotel-presslauer.at\/it\/privacy-policy\/#breadcrumb"},"inLanguage":"it-IT","potentialAction":[{"@type":"ReadAction","target":["https:\/\/www.berghotel-presslauer.at\/it\/privacy-policy\/"]}]},{"@type":"ImageObject","inLanguage":"it-IT","@id":"https:\/\/www.berghotel-presslauer.at\/it\/privacy-policy\/#primaryimage","url":"https:\/\/www.berghotel-presslauer.at\/wp-content\/uploads\/2019\/09\/Teich-mit-Hotel.jpg","contentUrl":"https:\/\/www.berghotel-presslauer.at\/wp-content\/uploads\/2019\/09\/Teich-mit-Hotel.jpg","width":2301,"height":1536},{"@type":"BreadcrumbList","@id":"https:\/\/www.berghotel-presslauer.at\/it\/privacy-policy\/#breadcrumb","itemListElement":[{"@type":"ListItem","position":1,"name":"Startseite","item":"https:\/\/www.berghotel-presslauer.at\/it\/"},{"@type":"ListItem","position":2,"name":"Privacy Policy"}]},{"@type":"WebSite","@id":"https:\/\/www.berghotel-presslauer.at\/it\/#website","url":"https:\/\/www.berghotel-presslauer.at\/it\/","name":"Berghotel Presslauer","description":"Hotel | Zimmer | Ferienwohnungen | Nassfeld in K\u00e4rnten","publisher":{"@id":"https:\/\/www.berghotel-presslauer.at\/it\/#organization"},"potentialAction":[{"@type":"SearchAction","target":{"@type":"EntryPoint","urlTemplate":"https:\/\/www.berghotel-presslauer.at\/it\/?s={search_term_string}"},"query-input":{"@type":"PropertyValueSpecification","valueRequired":true,"valueName":"search_term_string"}}],"inLanguage":"it-IT"},{"@type":"Organization","@id":"https:\/\/www.berghotel-presslauer.at\/it\/#organization","name":"Berghotel Presslauer","url":"https:\/\/www.berghotel-presslauer.at\/it\/","logo":{"@type":"ImageObject","inLanguage":"it-IT","@id":"https:\/\/www.berghotel-presslauer.at\/it\/#\/schema\/logo\/image\/","url":"https:\/\/www.berghotel-presslauer.at\/wp-content\/uploads\/2022\/10\/cropped-Logo_neu_Berghotel-Presslauer_Startseite.png","contentUrl":"https:\/\/www.berghotel-presslauer.at\/wp-content\/uploads\/2022\/10\/cropped-Logo_neu_Berghotel-Presslauer_Startseite.png","width":245,"height":124,"caption":"Berghotel Presslauer"},"image":{"@id":"https:\/\/www.berghotel-presslauer.at\/it\/#\/schema\/logo\/image\/"}}]}},"_links":{"self":[{"href":"https:\/\/www.berghotel-presslauer.at\/it\/wp-json\/wp\/v2\/pages\/2083","targetHints":{"allow":["GET"]}}],"collection":[{"href":"https:\/\/www.berghotel-presslauer.at\/it\/wp-json\/wp\/v2\/pages"}],"about":[{"href":"https:\/\/www.berghotel-presslauer.at\/it\/wp-json\/wp\/v2\/types\/page"}],"author":[{"embeddable":true,"href":"https:\/\/www.berghotel-presslauer.at\/it\/wp-json\/wp\/v2\/users\/1"}],"replies":[{"embeddable":true,"href":"https:\/\/www.berghotel-presslauer.at\/it\/wp-json\/wp\/v2\/comments?post=2083"}],"version-history":[{"count":2,"href":"https:\/\/www.berghotel-presslauer.at\/it\/wp-json\/wp\/v2\/pages\/2083\/revisions"}],"predecessor-version":[{"id":2485,"href":"https:\/\/www.berghotel-presslauer.at\/it\/wp-json\/wp\/v2\/pages\/2083\/revisions\/2485"}],"wp:featuredmedia":[{"embeddable":true,"href":"https:\/\/www.berghotel-presslauer.at\/it\/wp-json\/wp\/v2\/media\/1041"}],"wp:attachment":[{"href":"https:\/\/www.berghotel-presslauer.at\/it\/wp-json\/wp\/v2\/media?parent=2083"}],"curies":[{"name":"wp","href":"https:\/\/api.w.org\/{rel}","templated":true}]}}