{"id":2060,"date":"2019-10-15T11:06:35","date_gmt":"2019-10-15T09:06:35","guid":{"rendered":"http:\/\/berghotel-presslauer.at.w019c2cd.kasserver.com\/?page_id=2060"},"modified":"2024-03-12T15:07:01","modified_gmt":"2024-03-12T14:07:01","slug":"trekking-in-austria","status":"publish","type":"page","link":"https:\/\/www.berghotel-presslauer.at\/it\/trekking-in-austria\/","title":{"rendered":"Trekking e camminate in Austria"},"content":{"rendered":"\n<!--more-->\n\n\n\n<div class=\"wp-block-getwid-section alignfull alignfull getwid-margin-top-none getwid-margin-bottom-none\"><div class=\"wp-block-getwid-section__wrapper getwid-padding-top-medium getwid-padding-bottom-none getwid-padding-left-medium getwid-padding-right-medium getwid-padding-mobile-left-small getwid-padding-mobile-right-small\"><div class=\"wp-block-getwid-section__inner-wrapper\"><div class=\"wp-block-getwid-section__background-holder\"><div class=\"wp-block-getwid-section__background\"><\/div><div class=\"wp-block-getwid-section__foreground\"><\/div><\/div><div class=\"wp-block-getwid-section__content\"><div class=\"wp-block-getwid-section__inner-content\">\n<div class=\"wp-block-columns has-2-columns is-layout-flex wp-container-core-columns-is-layout-9d6595d7 wp-block-columns-is-layout-flex\">\n<div class=\"wp-block-column is-layout-flow wp-block-column-is-layout-flow\">\n<div class=\"wp-block-getwid-section\"><div class=\"wp-block-getwid-section__wrapper getwid-padding-top-none getwid-padding-bottom-none getwid-padding-left-none getwid-padding-tablet-right-none\" style=\"padding-right:30px\"><div class=\"wp-block-getwid-section__inner-wrapper\"><div class=\"wp-block-getwid-section__background-holder\"><div class=\"wp-block-getwid-section__background\"><\/div><div class=\"wp-block-getwid-section__foreground\"><\/div><\/div><div class=\"wp-block-getwid-section__content\"><div class=\"wp-block-getwid-section__inner-content\">\n<div class=\"wp-block-getwid-advanced-heading is-style-style-1 has-custom-font-size\" style=\"font-size:12px;margin-bottom:10px\"><p class=\"wp-block-getwid-advanced-heading__content\" style=\"text-transform:uppercase;letter-spacing:1px\"><strong>ESCURSIONI NEL NASSFELD IN CARINZIA<\/strong><\/p><\/div>\n\n\n\n<div class=\"wp-block-getwid-advanced-heading is-style-default\" style=\"margin-bottom:30px\"><h2 class=\"wp-block-getwid-advanced-heading__content\" style=\"text-transform:none;letter-spacing:1px\">Oltre&nbsp;1000 km&nbsp;di sentieri escursionistici ben segnalati<\/h2><\/div>\n\n\n\n<p> <\/p>\n\n\n\n<p>Che si tratti di una passeggiata tranquilla, di semplici escursioni o di impegnativi tour in montagna \u2013 vi garantiamo delle esperienze memorabilia in Carinzia! Che si tratti di un tour in montagna per gli appassionati di trekking con una vista mozzafiato in cima della montagna o di una passeggiata per tutta la famiglia \u2013 la Carinzia offre delle opzioni per tutti i livelli! Noi offriamo anche escursioni guidate!<\/p>\n\n\n\n<p><strong>Cascine alpine &amp; sentieri in montagna<\/strong><\/p>\n\n\n\n<p>Non lasciatevi perdere l\u2019occasione di visitare una delle tante cascine alpine o i tanti sentieri! Godetevi una merenda tipica a base del formaggio tradizionale \u201cGailtaler Almk\u00e4se\u201d oppure il lardo fatto in casa. In montagna vedrete anche delle cime marcanti della catena alpina delle Alpi Carniche. Usufruite delle tante possibilit\u00e0 della regione e scegliete un tour da trekking diverso ogni giorno! Che sia un\u2019escursione molto impegnativa o un piccolo tour!<\/p>\n<\/div><\/div><\/div><\/div><\/div>\n<\/div>\n\n\n\n<div class=\"wp-block-column is-layout-flow wp-block-column-is-layout-flow\">\n<div class=\"wp-block-getwid-images-stack is-layout-delta\"><div class=\"wp-block-getwid-images-stack__wrapper\"><div class=\"wp-block-getwid-images-stack__chunk\"><div class=\"wp-block-getwid-images-stack__media-wrapper\"><div class=\"wp-block-getwid-images-stack__media-inner-wrapper\"><img loading=\"lazy\" decoding=\"async\" width=\"1024\" height=\"681\" class=\"wp-block-getwid-images-stack__media wp-image-1251\" src=\"https:\/\/www.berghotel-presslauer.at\/wp-content\/uploads\/2019\/10\/00000001387_Lesachtal_024_Zupanc_copyright-Daniel-Zupanc-Mobil-0676-9365362-Tel-0463-382251-Fax-0463-382256-e-mail-office-zupanc-at_Daniel-Zupanc-1024x681.jpg\" data-id=\"1251\" data-link=\"https:\/\/www.berghotel-presslauer.at\/wandern\/lesachtalkaernten\/\" srcset=\"https:\/\/www.berghotel-presslauer.at\/wp-content\/uploads\/2019\/10\/00000001387_Lesachtal_024_Zupanc_copyright-Daniel-Zupanc-Mobil-0676-9365362-Tel-0463-382251-Fax-0463-382256-e-mail-office-zupanc-at_Daniel-Zupanc-1024x681.jpg 1024w, https:\/\/www.berghotel-presslauer.at\/wp-content\/uploads\/2019\/10\/00000001387_Lesachtal_024_Zupanc_copyright-Daniel-Zupanc-Mobil-0676-9365362-Tel-0463-382251-Fax-0463-382256-e-mail-office-zupanc-at_Daniel-Zupanc-600x399.jpg 600w, https:\/\/www.berghotel-presslauer.at\/wp-content\/uploads\/2019\/10\/00000001387_Lesachtal_024_Zupanc_copyright-Daniel-Zupanc-Mobil-0676-9365362-Tel-0463-382251-Fax-0463-382256-e-mail-office-zupanc-at_Daniel-Zupanc-768x511.jpg 768w, https:\/\/www.berghotel-presslauer.at\/wp-content\/uploads\/2019\/10\/00000001387_Lesachtal_024_Zupanc_copyright-Daniel-Zupanc-Mobil-0676-9365362-Tel-0463-382251-Fax-0463-382256-e-mail-office-zupanc-at_Daniel-Zupanc-1170x779.jpg 1170w, https:\/\/www.berghotel-presslauer.at\/wp-content\/uploads\/2019\/10\/00000001387_Lesachtal_024_Zupanc_copyright-Daniel-Zupanc-Mobil-0676-9365362-Tel-0463-382251-Fax-0463-382256-e-mail-office-zupanc-at_Daniel-Zupanc.jpg 1623w\" sizes=\"auto, (max-width: 1024px) 100vw, 1024px\" \/><\/div><\/div><div class=\"wp-block-getwid-images-stack__media-wrapper\"><div class=\"wp-block-getwid-images-stack__media-inner-wrapper\"><img loading=\"lazy\" decoding=\"async\" width=\"1024\" height=\"683\" class=\"wp-block-getwid-images-stack__media wp-image-1252\" src=\"https:\/\/www.berghotel-presslauer.at\/wp-content\/uploads\/2019\/10\/00000012227_Karnischer-Hoehenweg-2018-Egger-Alm-c-nassfeld-at_Daniel-Gollner_Daniel-Gollner-1024x683.jpg\" data-id=\"1252\" data-link=\"https:\/\/www.berghotel-presslauer.at\/wandern\/00000012227_karnischer-hoehenweg-2018-egger-alm-c-nassfeld-at_daniel-gollner_daniel-gollner\/\" srcset=\"https:\/\/www.berghotel-presslauer.at\/wp-content\/uploads\/2019\/10\/00000012227_Karnischer-Hoehenweg-2018-Egger-Alm-c-nassfeld-at_Daniel-Gollner_Daniel-Gollner-1024x683.jpg 1024w, https:\/\/www.berghotel-presslauer.at\/wp-content\/uploads\/2019\/10\/00000012227_Karnischer-Hoehenweg-2018-Egger-Alm-c-nassfeld-at_Daniel-Gollner_Daniel-Gollner-600x400.jpg 600w, https:\/\/www.berghotel-presslauer.at\/wp-content\/uploads\/2019\/10\/00000012227_Karnischer-Hoehenweg-2018-Egger-Alm-c-nassfeld-at_Daniel-Gollner_Daniel-Gollner-768x512.jpg 768w, https:\/\/www.berghotel-presslauer.at\/wp-content\/uploads\/2019\/10\/00000012227_Karnischer-Hoehenweg-2018-Egger-Alm-c-nassfeld-at_Daniel-Gollner_Daniel-Gollner-1170x780.jpg 1170w, https:\/\/www.berghotel-presslauer.at\/wp-content\/uploads\/2019\/10\/00000012227_Karnischer-Hoehenweg-2018-Egger-Alm-c-nassfeld-at_Daniel-Gollner_Daniel-Gollner.jpg 1619w\" sizes=\"auto, (max-width: 1024px) 100vw, 1024px\" \/><\/div><\/div><div class=\"wp-block-getwid-images-stack__media-wrapper\"><div class=\"wp-block-getwid-images-stack__media-inner-wrapper\"><img loading=\"lazy\" decoding=\"async\" width=\"1024\" height=\"601\" class=\"wp-block-getwid-images-stack__media wp-image-1253\" src=\"https:\/\/www.berghotel-presslauer.at\/wp-content\/uploads\/2019\/10\/00000012236_Karnischer-Hoehenweg-2018-Zollnersee-22-c-nassfeld-at_Daniel-Gollner-Web_Daniel-Gollner-1024x601.jpg\" data-id=\"1253\" data-link=\"https:\/\/www.berghotel-presslauer.at\/wandern\/00000012236_karnischer-hoehenweg-2018-zollnersee-22-c-nassfeld-at_daniel-gollner-web_daniel-gollner\/\" srcset=\"https:\/\/www.berghotel-presslauer.at\/wp-content\/uploads\/2019\/10\/00000012236_Karnischer-Hoehenweg-2018-Zollnersee-22-c-nassfeld-at_Daniel-Gollner-Web_Daniel-Gollner-1024x601.jpg 1024w, https:\/\/www.berghotel-presslauer.at\/wp-content\/uploads\/2019\/10\/00000012236_Karnischer-Hoehenweg-2018-Zollnersee-22-c-nassfeld-at_Daniel-Gollner-Web_Daniel-Gollner-600x352.jpg 600w, https:\/\/www.berghotel-presslauer.at\/wp-content\/uploads\/2019\/10\/00000012236_Karnischer-Hoehenweg-2018-Zollnersee-22-c-nassfeld-at_Daniel-Gollner-Web_Daniel-Gollner-768x451.jpg 768w, https:\/\/www.berghotel-presslauer.at\/wp-content\/uploads\/2019\/10\/00000012236_Karnischer-Hoehenweg-2018-Zollnersee-22-c-nassfeld-at_Daniel-Gollner-Web_Daniel-Gollner-1170x687.jpg 1170w, https:\/\/www.berghotel-presslauer.at\/wp-content\/uploads\/2019\/10\/00000012236_Karnischer-Hoehenweg-2018-Zollnersee-22-c-nassfeld-at_Daniel-Gollner-Web_Daniel-Gollner.jpg 1840w\" sizes=\"auto, (max-width: 1024px) 100vw, 1024px\" \/><\/div><\/div><\/div><\/div><\/div>\n<\/div>\n<\/div>\n<\/div><\/div><\/div><\/div><\/div>\n\n\n\n<div class=\"wp-block-getwid-section alignwide alignwide\"><div class=\"wp-block-getwid-section__wrapper\"><div class=\"wp-block-getwid-section__inner-wrapper\"><div class=\"wp-block-getwid-section__background-holder\"><div class=\"wp-block-getwid-section__background\"><\/div><div class=\"wp-block-getwid-section__foreground\"><\/div><\/div><div class=\"wp-block-getwid-section__content\"><div class=\"wp-block-getwid-section__inner-content\">\n<p><strong>Escursione al Gartnerkofel<\/strong><strong><\/strong><\/p>\n\n\n\n<p>La montagna pi\u00f9 famosa nei pressi della nostra regione Nassfeld \u00e8 il Gartnerkofel. \u00c8 situato nei pressi del Nassfeld ed \u00e8 una vera e propria montagna per famiglie. Il Gartnerkofel \u00e8 ideale anche per le escursioni di trekking con i pi\u00f9 piccoli! Un\u2019altra particolarit\u00e0 del Gartnerkofel \u00e8 la \u201cWulfenia\u201d che \u00e8 il punto di riferimento della nostra regione. La Wulfenia \u00e8 uno dei fiori pi\u00f9 protetti e rari di tutto il mondo e cresce soltanto qui. Appassionati botanici di tutto il mondo vengono da noi per ammirare la biodiversit\u00e0 e ricchezza botanica sui numerosi prati e campi alpini.<\/p>\n<\/div><\/div><\/div><\/div><\/div>\n\n\n\n<div style=\"height:100px\" aria-hidden=\"true\" class=\"wp-block-spacer\"><\/div>\n\n\n\n<div class=\"wp-block-getwid-section alignfull getwid-margin-top-none getwid-margin-bottom-none\"><div class=\"wp-block-getwid-section__wrapper getwid-padding-top-none getwid-padding-bottom-none getwid-padding-left-medium getwid-padding-right-medium getwid-padding-mobile-left-small getwid-padding-mobile-right-small\"><div class=\"wp-block-getwid-section__inner-wrapper\"><div class=\"wp-block-getwid-section__background-holder\"><div class=\"wp-block-getwid-section__background\" style=\"background-image:url('https:\/\/www.berghotel-presslauer.at\/wp-content\/uploads\/2019\/10\/Lift.jpg')\"><div class=\"wp-block-getwid-section__background-image-wrapper\"><img decoding=\"async\" class=\"wp-block-getwid-section__background-image\" src=\"https:\/\/www.berghotel-presslauer.at\/wp-content\/uploads\/2019\/10\/Lift.jpg\" alt=\"\"\/><\/div><\/div><div class=\"wp-block-getwid-section__foreground\"><\/div><\/div><div class=\"wp-block-getwid-section__content\"><div class=\"wp-block-getwid-section__inner-content\">\n<div class=\"wp-block-getwid-section\" style=\"margin-top:-60px;margin-bottom:-60px\"><div class=\"wp-block-getwid-section__wrapper getwid-padding-left-normal getwid-padding-right-normal getwid-margin-tablet-right-none\" style=\"margin-right:50%;padding-top:109px;padding-bottom:110px\"><div class=\"wp-block-getwid-section__inner-wrapper\"><div class=\"wp-block-getwid-section__background-holder\"><div class=\"wp-block-getwid-section__background has-background\" style=\"background-color:#ce9f4d\"><\/div><div class=\"wp-block-getwid-section__foreground\" style=\"background-image:url('https:\/\/www.berghotel-presslauer.at\/wp-content\/uploads\/2019\/09\/bg_mountains-1.png');background-position:top left;background-size:auto\"><\/div><\/div><div class=\"wp-block-getwid-section__content\"><div class=\"wp-block-getwid-section__inner-content\">\n<div class=\"wp-block-getwid-advanced-heading has-custom-font-size\" style=\"font-size:31px;margin-bottom:40px\"><h3 class=\"wp-block-getwid-advanced-heading__content has-text-color has-white-color\">Tour migliori<\/h3><\/div>\n\n\n\n<p>Scoprite le numerose escursioni per principianti, famiglie o professionisti dell\u2019trekking.<br>Ecco qualcosa per il cuore di ogni alpinista!<\/p>\n\n\n\n<div style=\"height:30px\" aria-hidden=\"true\" class=\"wp-block-spacer\"><\/div>\n\n\n\n<div class=\"wp-block-columns has-3-columns is-layout-flex wp-container-core-columns-is-layout-9d6595d7 wp-block-columns-is-layout-flex\">\n<div class=\"wp-block-column is-layout-flow wp-block-column-is-layout-flow\">\n<div class=\"wp-block-getwid-icon-box has-text-center\"><div style=\"margin-bottom:12px\" class=\"wp-block-getwid-icon-box__icon-container has-layout-stacked is-position-top\"><a href=\"https:\/\/regio.outdooractive.com\/oar-nassfeld\/de\/touren\/#cat=Wanderung\" target=\"_blank\" rel=\"noreferrer noopener\" class=\"wp-block-getwid-icon-box__icon-wrapper has-background has-white-background-color has-text-color has-gold-color\" style=\"font-size:18px;padding:20px\"><i class=\"fas fa-check-double\"><\/i><\/a><\/div><div class=\"wp-block-getwid-icon-box__content\">\n<div class=\"wp-block-getwid-advanced-heading\"><h6 class=\"wp-block-getwid-advanced-heading__content has-text-color has-white-color\">Escursioni<\/h6><\/div>\n<\/div><\/div>\n\n\n\n<div class=\"wp-block-getwid-icon-box has-text-center\"><div style=\"margin-bottom:12px\" class=\"wp-block-getwid-icon-box__icon-container has-layout-stacked is-position-top\"><a href=\"https:\/\/regio.outdooractive.com\/oar-nassfeld\/de\/touren\/#cat=Bergtour&amp;filter=r-fullyTranslatedLangus-,sb-sortedBy-0\" target=\"_blank\" rel=\"noreferrer noopener\" class=\"wp-block-getwid-icon-box__icon-wrapper has-background has-white-background-color has-text-color has-gold-color\" style=\"font-size:18px;padding:20px\"><i class=\"fas fa-mountain\"><\/i><\/a><\/div><div class=\"wp-block-getwid-icon-box__content\">\n<div class=\"wp-block-getwid-advanced-heading\"><h6 class=\"wp-block-getwid-advanced-heading__content has-text-color has-white-color\">Alpinismo<\/h6><\/div>\n<\/div><\/div>\n<\/div>\n\n\n\n<div class=\"wp-block-column is-layout-flow wp-block-column-is-layout-flow\">\n<div class=\"wp-block-getwid-icon-box has-text-center\"><div style=\"margin-bottom:12px\" class=\"wp-block-getwid-icon-box__icon-container has-layout-stacked is-position-top\"><a href=\"https:\/\/regio.outdooractive.com\/oar-nassfeld\/de\/touren\/#cat=Wanderung&amp;filter=b-suitableforfamilies-1,r-fullyTranslatedLangus-,sb-sortedBy-0\" target=\"_blank\" rel=\"noreferrer noopener\" class=\"wp-block-getwid-icon-box__icon-wrapper has-background has-white-background-color has-text-color has-gold-color\" style=\"font-size:18px;padding:20px\"><i class=\"fas fa-child\"><\/i><\/a><\/div><div class=\"wp-block-getwid-icon-box__content\">\n<div class=\"wp-block-getwid-advanced-heading\"><h6 class=\"wp-block-getwid-advanced-heading__content has-text-color has-white-color\">Famiglie<\/h6><\/div>\n<\/div><\/div>\n\n\n\n<div class=\"wp-block-getwid-icon-box has-text-center\"><div style=\"margin-bottom:12px\" class=\"wp-block-getwid-icon-box__icon-container has-layout-stacked is-position-top\"><a href=\"https:\/\/regio.outdooractive.com\/oar-nassfeld\/de\/touren\/#cat=Themenweg&amp;filter=r-fullyTranslatedLangus-,sb-sortedBy-0\" target=\"_blank\" rel=\"noreferrer noopener\" class=\"wp-block-getwid-icon-box__icon-wrapper has-background has-white-background-color has-text-color has-gold-color\" style=\"font-size:18px;padding:20px\"><i class=\"fas fa-user-graduate\"><\/i><\/a><\/div><div class=\"wp-block-getwid-icon-box__content\">\n<div class=\"wp-block-getwid-advanced-heading\"><h6 class=\"wp-block-getwid-advanced-heading__content has-text-color has-white-color\"> Argomenti escursionistici <\/h6><\/div>\n<\/div><\/div>\n<\/div>\n\n\n\n<div class=\"wp-block-column is-layout-flow wp-block-column-is-layout-flow\">\n<div class=\"wp-block-getwid-icon-box has-text-center\"><div style=\"margin-bottom:12px\" class=\"wp-block-getwid-icon-box__icon-container has-layout-stacked is-position-top\"><a href=\"https:\/\/regio.outdooractive.com\/oar-nassfeld\/de\/touren\/#cat=Wanderung&amp;filter=b-loopTour-1,r-fullyTranslatedLangus-,sb-sortedBy-0\" target=\"_blank\" rel=\"noreferrer noopener\" class=\"wp-block-getwid-icon-box__icon-wrapper has-background has-white-background-color has-text-color has-gold-color\" style=\"font-size:18px;padding:20px\"><i class=\"fas fa-circle-notch\"><\/i><\/a><\/div><div class=\"wp-block-getwid-icon-box__content\">\n<div class=\"wp-block-getwid-advanced-heading\"><h6 class=\"wp-block-getwid-advanced-heading__content has-text-color has-white-color\">Gite in Bicicletta<\/h6><\/div>\n<\/div><\/div>\n\n\n\n<div class=\"wp-block-getwid-icon-box has-text-center\"><div style=\"margin-bottom:12px\" class=\"wp-block-getwid-icon-box__icon-container has-layout-stacked is-position-top\"><a href=\"https:\/\/regio.outdooractive.com\/oar-nassfeld\/de\/touren\/#cat=Naturerlebnisweg&amp;filter=r-fullyTranslatedLangus-,sb-sortedBy-0\" target=\"_blank\" rel=\"noreferrer noopener\" class=\"wp-block-getwid-icon-box__icon-wrapper has-background has-white-background-color has-text-color has-gold-color\" style=\"font-size:18px;padding:20px\"><i class=\"fas fa-leaf\"><\/i><\/a><\/div><div class=\"wp-block-getwid-icon-box__content\">\n<div class=\"wp-block-getwid-advanced-heading\"><h6 class=\"wp-block-getwid-advanced-heading__content has-text-color has-white-color\">Esperienze di natura <\/h6><\/div>\n<\/div><\/div>\n<\/div>\n<\/div>\n<\/div><\/div><\/div><\/div><\/div>\n<\/div><\/div><\/div><\/div><\/div>\n","protected":false},"excerpt":{"rendered":"<p>Iniziate le vostre camminate direttamente a partire dall\u2019hotel! Oltre 1000 km di sentieri escursionistici ben segnalati non lasciano nulla a desiderare!<\/p>\n","protected":false},"author":1,"featured_media":1229,"parent":0,"menu_order":83,"comment_status":"closed","ping_status":"closed","template":"","meta":{"inline_featured_image":false,"footnotes":""},"class_list":["post-2060","page","type-page","status-publish","has-post-thumbnail","hentry"],"yoast_head":"<title>Trekking in Austria: tour in Carinzia | Berghotel Presslauer<\/title>\n<meta name=\"description\" content=\"Che stiate cercando una facile escursione o un tour impegnativo: scoprite i 1000 km di sentieri che non lasciano nessun desiderio in sospeso.\" \/>\n<meta name=\"robots\" content=\"index, follow, max-snippet:-1, max-image-preview:large, max-video-preview:-1\" \/>\n<link rel=\"canonical\" href=\"https:\/\/www.berghotel-presslauer.at\/it\/trekking-in-austria\/\" \/>\n<meta property=\"og:locale\" content=\"it_IT\" \/>\n<meta property=\"og:type\" content=\"article\" \/>\n<meta property=\"og:title\" content=\"Trekking in Austria: tour in Carinzia | Berghotel Presslauer\" \/>\n<meta property=\"og:description\" content=\"Che stiate cercando una facile escursione o un tour impegnativo: scoprite i 1000 km di sentieri che non lasciano nessun desiderio in sospeso.\" \/>\n<meta property=\"og:url\" content=\"https:\/\/www.berghotel-presslauer.at\/it\/trekking-in-austria\/\" \/>\n<meta property=\"og:site_name\" content=\"Berghotel Presslauer\" \/>\n<meta property=\"article:modified_time\" content=\"2024-03-12T14:07:01+00:00\" \/>\n<meta property=\"og:image\" content=\"https:\/\/www.berghotel-presslauer.at\/wp-content\/uploads\/2019\/10\/00000000179_Naturarena-Nassfeld-Pressegger-See-2013-08-23_0258_tinefoto-com-martin-steinthaler_Martin-Steinthaler-tinefoto-com.jpg\" \/>\n\t<meta property=\"og:image:width\" content=\"1620\" \/>\n\t<meta property=\"og:image:height\" content=\"1080\" \/>\n\t<meta property=\"og:image:type\" content=\"image\/jpeg\" \/>\n<meta name=\"twitter:card\" content=\"summary_large_image\" \/>\n<meta name=\"twitter:label1\" content=\"Tempo di lettura stimato\" \/>\n\t<meta name=\"twitter:data1\" content=\"3 minuti\" \/>\n<script type=\"application\/ld+json\" class=\"yoast-schema-graph\">{\"@context\":\"https:\\\/\\\/schema.org\",\"@graph\":[{\"@type\":\"WebPage\",\"@id\":\"https:\\\/\\\/www.berghotel-presslauer.at\\\/it\\\/trekking-in-austria\\\/\",\"url\":\"https:\\\/\\\/www.berghotel-presslauer.at\\\/it\\\/trekking-in-austria\\\/\",\"name\":\"Trekking in Austria: tour in Carinzia | Berghotel Presslauer\",\"isPartOf\":{\"@id\":\"https:\\\/\\\/www.berghotel-presslauer.at\\\/it\\\/#website\"},\"primaryImageOfPage\":{\"@id\":\"https:\\\/\\\/www.berghotel-presslauer.at\\\/it\\\/trekking-in-austria\\\/#primaryimage\"},\"image\":{\"@id\":\"https:\\\/\\\/www.berghotel-presslauer.at\\\/it\\\/trekking-in-austria\\\/#primaryimage\"},\"thumbnailUrl\":\"https:\\\/\\\/www.berghotel-presslauer.at\\\/wp-content\\\/uploads\\\/2019\\\/10\\\/00000000179_Naturarena-Nassfeld-Pressegger-See-2013-08-23_0258_tinefoto-com-martin-steinthaler_Martin-Steinthaler-tinefoto-com.jpg\",\"datePublished\":\"2019-10-15T09:06:35+00:00\",\"dateModified\":\"2024-03-12T14:07:01+00:00\",\"description\":\"Che stiate cercando una facile escursione o un tour impegnativo: scoprite i 1000 km di sentieri che non lasciano nessun desiderio in sospeso.\",\"breadcrumb\":{\"@id\":\"https:\\\/\\\/www.berghotel-presslauer.at\\\/it\\\/trekking-in-austria\\\/#breadcrumb\"},\"inLanguage\":\"it-IT\",\"potentialAction\":[{\"@type\":\"ReadAction\",\"target\":[\"https:\\\/\\\/www.berghotel-presslauer.at\\\/it\\\/trekking-in-austria\\\/\"]}]},{\"@type\":\"ImageObject\",\"inLanguage\":\"it-IT\",\"@id\":\"https:\\\/\\\/www.berghotel-presslauer.at\\\/it\\\/trekking-in-austria\\\/#primaryimage\",\"url\":\"https:\\\/\\\/www.berghotel-presslauer.at\\\/wp-content\\\/uploads\\\/2019\\\/10\\\/00000000179_Naturarena-Nassfeld-Pressegger-See-2013-08-23_0258_tinefoto-com-martin-steinthaler_Martin-Steinthaler-tinefoto-com.jpg\",\"contentUrl\":\"https:\\\/\\\/www.berghotel-presslauer.at\\\/wp-content\\\/uploads\\\/2019\\\/10\\\/00000000179_Naturarena-Nassfeld-Pressegger-See-2013-08-23_0258_tinefoto-com-martin-steinthaler_Martin-Steinthaler-tinefoto-com.jpg\",\"width\":1620,\"height\":1080,\"caption\":\"shooting for naturarena Nassfeld Hermagor - Carinthia\"},{\"@type\":\"BreadcrumbList\",\"@id\":\"https:\\\/\\\/www.berghotel-presslauer.at\\\/it\\\/trekking-in-austria\\\/#breadcrumb\",\"itemListElement\":[{\"@type\":\"ListItem\",\"position\":1,\"name\":\"Startseite\",\"item\":\"https:\\\/\\\/www.berghotel-presslauer.at\\\/it\\\/\"},{\"@type\":\"ListItem\",\"position\":2,\"name\":\"Trekking e camminate in Austria\"}]},{\"@type\":\"WebSite\",\"@id\":\"https:\\\/\\\/www.berghotel-presslauer.at\\\/it\\\/#website\",\"url\":\"https:\\\/\\\/www.berghotel-presslauer.at\\\/it\\\/\",\"name\":\"Berghotel Presslauer\",\"description\":\"Hotel | Zimmer | Ferienwohnungen | Nassfeld in K\u00e4rnten\",\"publisher\":{\"@id\":\"https:\\\/\\\/www.berghotel-presslauer.at\\\/it\\\/#organization\"},\"potentialAction\":[{\"@type\":\"SearchAction\",\"target\":{\"@type\":\"EntryPoint\",\"urlTemplate\":\"https:\\\/\\\/www.berghotel-presslauer.at\\\/it\\\/?s={search_term_string}\"},\"query-input\":{\"@type\":\"PropertyValueSpecification\",\"valueRequired\":true,\"valueName\":\"search_term_string\"}}],\"inLanguage\":\"it-IT\"},{\"@type\":\"Organization\",\"@id\":\"https:\\\/\\\/www.berghotel-presslauer.at\\\/it\\\/#organization\",\"name\":\"Berghotel Presslauer\",\"url\":\"https:\\\/\\\/www.berghotel-presslauer.at\\\/it\\\/\",\"logo\":{\"@type\":\"ImageObject\",\"inLanguage\":\"it-IT\",\"@id\":\"https:\\\/\\\/www.berghotel-presslauer.at\\\/it\\\/#\\\/schema\\\/logo\\\/image\\\/\",\"url\":\"https:\\\/\\\/www.berghotel-presslauer.at\\\/wp-content\\\/uploads\\\/2022\\\/10\\\/cropped-Logo_neu_Berghotel-Presslauer_Startseite.png\",\"contentUrl\":\"https:\\\/\\\/www.berghotel-presslauer.at\\\/wp-content\\\/uploads\\\/2022\\\/10\\\/cropped-Logo_neu_Berghotel-Presslauer_Startseite.png\",\"width\":245,\"height\":124,\"caption\":\"Berghotel Presslauer\"},\"image\":{\"@id\":\"https:\\\/\\\/www.berghotel-presslauer.at\\\/it\\\/#\\\/schema\\\/logo\\\/image\\\/\"}}]}<\/script>","yoast_head_json":{"title":"Trekking in Austria: tour in Carinzia | Berghotel Presslauer","description":"Che stiate cercando una facile escursione o un tour impegnativo: scoprite i 1000 km di sentieri che non lasciano nessun desiderio in sospeso.","robots":{"index":"index","follow":"follow","max-snippet":"max-snippet:-1","max-image-preview":"max-image-preview:large","max-video-preview":"max-video-preview:-1"},"canonical":"https:\/\/www.berghotel-presslauer.at\/it\/trekking-in-austria\/","og_locale":"it_IT","og_type":"article","og_title":"Trekking in Austria: tour in Carinzia | Berghotel Presslauer","og_description":"Che stiate cercando una facile escursione o un tour impegnativo: scoprite i 1000 km di sentieri che non lasciano nessun desiderio in sospeso.","og_url":"https:\/\/www.berghotel-presslauer.at\/it\/trekking-in-austria\/","og_site_name":"Berghotel Presslauer","article_modified_time":"2024-03-12T14:07:01+00:00","og_image":[{"width":1620,"height":1080,"url":"https:\/\/www.berghotel-presslauer.at\/wp-content\/uploads\/2019\/10\/00000000179_Naturarena-Nassfeld-Pressegger-See-2013-08-23_0258_tinefoto-com-martin-steinthaler_Martin-Steinthaler-tinefoto-com.jpg","type":"image\/jpeg"}],"twitter_card":"summary_large_image","twitter_misc":{"Tempo di lettura stimato":"3 minuti"},"schema":{"@context":"https:\/\/schema.org","@graph":[{"@type":"WebPage","@id":"https:\/\/www.berghotel-presslauer.at\/it\/trekking-in-austria\/","url":"https:\/\/www.berghotel-presslauer.at\/it\/trekking-in-austria\/","name":"Trekking in Austria: tour in Carinzia | Berghotel Presslauer","isPartOf":{"@id":"https:\/\/www.berghotel-presslauer.at\/it\/#website"},"primaryImageOfPage":{"@id":"https:\/\/www.berghotel-presslauer.at\/it\/trekking-in-austria\/#primaryimage"},"image":{"@id":"https:\/\/www.berghotel-presslauer.at\/it\/trekking-in-austria\/#primaryimage"},"thumbnailUrl":"https:\/\/www.berghotel-presslauer.at\/wp-content\/uploads\/2019\/10\/00000000179_Naturarena-Nassfeld-Pressegger-See-2013-08-23_0258_tinefoto-com-martin-steinthaler_Martin-Steinthaler-tinefoto-com.jpg","datePublished":"2019-10-15T09:06:35+00:00","dateModified":"2024-03-12T14:07:01+00:00","description":"Che stiate cercando una facile escursione o un tour impegnativo: scoprite i 1000 km di sentieri che non lasciano nessun desiderio in sospeso.","breadcrumb":{"@id":"https:\/\/www.berghotel-presslauer.at\/it\/trekking-in-austria\/#breadcrumb"},"inLanguage":"it-IT","potentialAction":[{"@type":"ReadAction","target":["https:\/\/www.berghotel-presslauer.at\/it\/trekking-in-austria\/"]}]},{"@type":"ImageObject","inLanguage":"it-IT","@id":"https:\/\/www.berghotel-presslauer.at\/it\/trekking-in-austria\/#primaryimage","url":"https:\/\/www.berghotel-presslauer.at\/wp-content\/uploads\/2019\/10\/00000000179_Naturarena-Nassfeld-Pressegger-See-2013-08-23_0258_tinefoto-com-martin-steinthaler_Martin-Steinthaler-tinefoto-com.jpg","contentUrl":"https:\/\/www.berghotel-presslauer.at\/wp-content\/uploads\/2019\/10\/00000000179_Naturarena-Nassfeld-Pressegger-See-2013-08-23_0258_tinefoto-com-martin-steinthaler_Martin-Steinthaler-tinefoto-com.jpg","width":1620,"height":1080,"caption":"shooting for naturarena Nassfeld Hermagor - Carinthia"},{"@type":"BreadcrumbList","@id":"https:\/\/www.berghotel-presslauer.at\/it\/trekking-in-austria\/#breadcrumb","itemListElement":[{"@type":"ListItem","position":1,"name":"Startseite","item":"https:\/\/www.berghotel-presslauer.at\/it\/"},{"@type":"ListItem","position":2,"name":"Trekking e camminate in Austria"}]},{"@type":"WebSite","@id":"https:\/\/www.berghotel-presslauer.at\/it\/#website","url":"https:\/\/www.berghotel-presslauer.at\/it\/","name":"Berghotel Presslauer","description":"Hotel | Zimmer | Ferienwohnungen | Nassfeld in K\u00e4rnten","publisher":{"@id":"https:\/\/www.berghotel-presslauer.at\/it\/#organization"},"potentialAction":[{"@type":"SearchAction","target":{"@type":"EntryPoint","urlTemplate":"https:\/\/www.berghotel-presslauer.at\/it\/?s={search_term_string}"},"query-input":{"@type":"PropertyValueSpecification","valueRequired":true,"valueName":"search_term_string"}}],"inLanguage":"it-IT"},{"@type":"Organization","@id":"https:\/\/www.berghotel-presslauer.at\/it\/#organization","name":"Berghotel Presslauer","url":"https:\/\/www.berghotel-presslauer.at\/it\/","logo":{"@type":"ImageObject","inLanguage":"it-IT","@id":"https:\/\/www.berghotel-presslauer.at\/it\/#\/schema\/logo\/image\/","url":"https:\/\/www.berghotel-presslauer.at\/wp-content\/uploads\/2022\/10\/cropped-Logo_neu_Berghotel-Presslauer_Startseite.png","contentUrl":"https:\/\/www.berghotel-presslauer.at\/wp-content\/uploads\/2022\/10\/cropped-Logo_neu_Berghotel-Presslauer_Startseite.png","width":245,"height":124,"caption":"Berghotel Presslauer"},"image":{"@id":"https:\/\/www.berghotel-presslauer.at\/it\/#\/schema\/logo\/image\/"}}]}},"_links":{"self":[{"href":"https:\/\/www.berghotel-presslauer.at\/it\/wp-json\/wp\/v2\/pages\/2060","targetHints":{"allow":["GET"]}}],"collection":[{"href":"https:\/\/www.berghotel-presslauer.at\/it\/wp-json\/wp\/v2\/pages"}],"about":[{"href":"https:\/\/www.berghotel-presslauer.at\/it\/wp-json\/wp\/v2\/types\/page"}],"author":[{"embeddable":true,"href":"https:\/\/www.berghotel-presslauer.at\/it\/wp-json\/wp\/v2\/users\/1"}],"replies":[{"embeddable":true,"href":"https:\/\/www.berghotel-presslauer.at\/it\/wp-json\/wp\/v2\/comments?post=2060"}],"version-history":[{"count":6,"href":"https:\/\/www.berghotel-presslauer.at\/it\/wp-json\/wp\/v2\/pages\/2060\/revisions"}],"predecessor-version":[{"id":3578,"href":"https:\/\/www.berghotel-presslauer.at\/it\/wp-json\/wp\/v2\/pages\/2060\/revisions\/3578"}],"wp:featuredmedia":[{"embeddable":true,"href":"https:\/\/www.berghotel-presslauer.at\/it\/wp-json\/wp\/v2\/media\/1229"}],"wp:attachment":[{"href":"https:\/\/www.berghotel-presslauer.at\/it\/wp-json\/wp\/v2\/media?parent=2060"}],"curies":[{"name":"wp","href":"https:\/\/api.w.org\/{rel}","templated":true}]}}